{"id":751,"date":"2015-10-06T21:34:25","date_gmt":"2015-10-06T21:34:25","guid":{"rendered":"http:\/\/octane.progressionstudios.com\/?page_id=5"},"modified":"2017-06-02T11:43:32","modified_gmt":"2017-06-02T11:43:32","slug":"homepage","status":"publish","type":"page","link":"http:\/\/lisbonclassics.com\/fr\/","title":{"rendered":"In\u00edcio"},"content":{"rendered":"<p>[vc_row full_width=\u00a0\u00bbstretch_row\u00a0\u00bb css=\u00a0\u00bb.vc_custom_1444170598937{margin-top: -45px !important;margin-bottom: 45px !important;padding-top: 55px !important;padding-bottom: 45px !important;background-color: #ffffff !important;}\u00a0\u00bb][vc_column css=\u00a0\u00bb.vc_custom_1456790456205{background-color: #ffffff !important;}\u00a0\u00bb][vc_custom_heading text=\u00a0\u00bbDerni\u00e8res entr\u00e9es\u00a0\u00bb font_container=\u00a0\u00bbtag:h1|font_size:32px|text_align:left|color:%23c1bfae\u00a0\u00bb use_theme_fonts=\u00a0\u00bbyes\u00a0\u00bb]\t\n\t\n\t\n\t\t\n\t<div class=\"vehicle-pro-vc\">\n\t\t\t\t\t\t\t\t\t\t\n\t\t\t\t\t\t<div class=\"grid3column-progression \">\n\t\t\t\t\t\t\t<article id=\"post-5510\" class=\"post-5510 vehicle type-vehicle status-publish has-post-thumbnail hentry vehicle_type-classicsforsale make-citroen model-2-cv-6-club-ultimo-dia\">\n\t<div class=\"vehicle-container-pro default-layout-pro\">\n\n\t\t\t\t\t<div class=\"vehicle-featured-pro\">\n\t\t\t\t<a href=\"http:\/\/lisbonclassics.com\/fr\/inventory\/citroen-2-cv6-club-ultimo-dia\/\"><img width=\"500\" height=\"340\" src=\"http:\/\/lisbonclassics.com\/wp-content\/uploads\/2026\/04\/e9ca96fa-277c-4895-9afa-4e2b9e362da9-500x340.jpeg\" class=\"attachment-progression-vehicle size-progression-vehicle wp-post-image\" alt=\"\" decoding=\"async\" \/>\t\t\t\t<\/a>\n\t\t\t<\/div>\n\t\t\t\n\t\t\t\n\t\t<div class=\"vehicle-right-container\">\t\t\t\t\n\t\t\t<h1 class=\"vehicle-title-pro\">\n                <a style=\"border: 0\" href=\"http:\/\/lisbonclassics.com\/fr\/inventory\/citroen-2-cv6-club-ultimo-dia\/\">Citro\u00ebn 2 CV6 Club \u00ab\u00a0\u00daltimo dia\u00a0\u00bb<\/a>\n            <\/h1>\n\t\t\t<p class=\"pcd-pricing\"><span class=\"pcd-price\"><b>Our Price:<\/b> \u20ac19.000 <\/span><br><\/p>\t\t\t<div class=\"clearfix-pro\"><\/div>\n\t\t\t\n\t\t\t\n\t<ul class=\"pro-vehicle-specifications\">\n\t\t\t\t<li>\n\t\t\t<span class=\"spec-label\">Registration date:<\/span>\n\t\t\t<span class=\"spec-value\">1990<\/span>\n\t\t<\/li>\n\t\t\t\t<li>\n\t\t\t<span class=\"spec-label\">Mileage:<\/span>\n\t\t\t<span class=\"spec-value\">93.000<span class=\"unit_append\"> km <\/span><\/span>\n\t\t<\/li>\n\t\t\t\t<li>\n\t\t\t<span class=\"spec-label\">Condition:<\/span>\n\t\t\t<span class=\"spec-value\">Used<\/span>\n\t\t<\/li>\n\t\t\t\t<li>\n\t\t\t<span class=\"spec-label\">Exterior Color:<\/span>\n\t\t\t<span class=\"spec-value\">Red<\/span>\n\t\t<\/li>\n\t\t\t\t<li>\n\t\t\t<span class=\"spec-label\">Interior Color:<\/span>\n\t\t\t<span class=\"spec-value\">Preto e cinzento<\/span>\n\t\t<\/li>\n\t\t\t\t<li>\n\t\t\t<span class=\"spec-label\">Transmission:<\/span>\n\t\t\t<span class=\"spec-value\">Manual<\/span>\n\t\t<\/li>\n\t\t\t\t<li>\n\t\t\t<span class=\"spec-label\">Engine:<\/span>\n\t\t\t<span class=\"spec-value\">0.602<span class=\"unit_append\"> L <\/span><\/span>\n\t\t<\/li>\n\t\t\t\t<li>\n\t\t\t<span class=\"spec-label\">Drivetrain:<\/span>\n\t\t\t<span class=\"spec-value\">FWD<\/span>\n\t\t<\/li>\n\t\t\t\t<li>\n\t\t\t<span class=\"spec-label\">Cavalagem:<\/span>\n\t\t\t<span class=\"spec-value\">29<\/span>\n\t\t<\/li>\n\t\t\t<\/ul>\n\n\t\t\t\t\n\t\t\t<a href=\"http:\/\/lisbonclassics.com\/fr\/inventory\/citroen-2-cv6-club-ultimo-dia\/\" class=\"progression-button\">Voir<\/a>\n\t\t\t\n\t\t<\/div><!-- close .vehicle-right-container -->\t\n\t<div class=\"clearfix-pro\"><\/div>\n\t<\/div><!-- close .vehicle-container-pro -->\n<\/article><!-- #post-## -->\t\t\t\t\t\t<\/div><!-- close vehicle columns -->\n\t\t\t\t\t\t\t\t\t\t\t\t\t\t\t\t\n\t\t\t\t\t\t<div class=\"grid3column-progression \">\n\t\t\t\t\t\t\t<article id=\"post-5491\" class=\"post-5491 vehicle type-vehicle status-publish has-post-thumbnail hentry vehicle_type-classicsforsale make-mini model-moke\">\n\t<div class=\"vehicle-container-pro default-layout-pro\">\n\n\t\t\t\t\t<div class=\"vehicle-featured-pro\">\n\t\t\t\t<a href=\"http:\/\/lisbonclassics.com\/fr\/inventory\/mini-moke\/\"><img width=\"500\" height=\"340\" src=\"http:\/\/lisbonclassics.com\/wp-content\/uploads\/2026\/03\/1abaf0c7-d79e-42dc-976d-c275c519ea7f-500x340.jpeg\" class=\"attachment-progression-vehicle size-progression-vehicle wp-post-image\" alt=\"\" decoding=\"async\" \/>\t\t\t\t<\/a>\n\t\t\t<\/div>\n\t\t\t\n\t\t\t\n\t\t<div class=\"vehicle-right-container\">\t\t\t\t\n\t\t\t<h1 class=\"vehicle-title-pro\">\n                <a style=\"border: 0\" href=\"http:\/\/lisbonclassics.com\/fr\/inventory\/mini-moke\/\">Mini Moke<\/a>\n            <\/h1>\n\t\t\t<p class=\"pcd-pricing\"><span class=\"pcd-price\"><b>Our Price:<\/b> \u20ac27.000 <\/span><br><\/p>\t\t\t<div class=\"clearfix-pro\"><\/div>\n\t\t\t\n\t\t\t\n\t<ul class=\"pro-vehicle-specifications\">\n\t\t\t\t<li>\n\t\t\t<span class=\"spec-label\">Registration date:<\/span>\n\t\t\t<span class=\"spec-value\">1988<\/span>\n\t\t<\/li>\n\t\t\t\t<li>\n\t\t\t<span class=\"spec-label\">Mileage:<\/span>\n\t\t\t<span class=\"spec-value\">61.000<span class=\"unit_append\"> km <\/span><\/span>\n\t\t<\/li>\n\t\t\t\t<li>\n\t\t\t<span class=\"spec-label\">Condition:<\/span>\n\t\t\t<span class=\"spec-value\">Used<\/span>\n\t\t<\/li>\n\t\t\t\t<li>\n\t\t\t<span class=\"spec-label\">Exterior Color:<\/span>\n\t\t\t<span class=\"spec-value\">Bordeaux<\/span>\n\t\t<\/li>\n\t\t\t\t<li>\n\t\t\t<span class=\"spec-label\">Interior Color:<\/span>\n\t\t\t<span class=\"spec-value\">Beige<\/span>\n\t\t<\/li>\n\t\t\t\t<li>\n\t\t\t<span class=\"spec-label\">Transmission:<\/span>\n\t\t\t<span class=\"spec-value\">Manual<\/span>\n\t\t<\/li>\n\t\t\t\t<li>\n\t\t\t<span class=\"spec-label\">Engine:<\/span>\n\t\t\t<span class=\"spec-value\">0.998<span class=\"unit_append\"> L <\/span><\/span>\n\t\t<\/li>\n\t\t\t\t<li>\n\t\t\t<span class=\"spec-label\">Drivetrain:<\/span>\n\t\t\t<span class=\"spec-value\">FWD<\/span>\n\t\t<\/li>\n\t\t\t\t<li>\n\t\t\t<span class=\"spec-label\">Cavalagem:<\/span>\n\t\t\t<span class=\"spec-value\">40<\/span>\n\t\t<\/li>\n\t\t\t<\/ul>\n\n\t\t\t\t\n\t\t\t<a href=\"http:\/\/lisbonclassics.com\/fr\/inventory\/mini-moke\/\" class=\"progression-button\">Voir<\/a>\n\t\t\t\n\t\t<\/div><!-- close .vehicle-right-container -->\t\n\t<div class=\"clearfix-pro\"><\/div>\n\t<\/div><!-- close .vehicle-container-pro -->\n<\/article><!-- #post-## -->\t\t\t\t\t\t<\/div><!-- close vehicle columns -->\n\t\t\t\t\t\t\t\t\t\t\t\t\t\t\t\t\n\t\t\t\t\t\t<div class=\"grid3column-progression  lastcolumn-progression\">\n\t\t\t\t\t\t\t<article id=\"post-5442\" class=\"post-5442 vehicle type-vehicle status-publish has-post-thumbnail hentry vehicle_type-classicsforsale make-volkswagen model-brasilia\">\n\t<div class=\"vehicle-container-pro default-layout-pro\">\n\n\t\t\t\t\t<div class=\"vehicle-featured-pro\">\n\t\t\t\t<a href=\"http:\/\/lisbonclassics.com\/fr\/inventory\/volkswagen-brasilia\/\"><img width=\"500\" height=\"340\" src=\"http:\/\/lisbonclassics.com\/wp-content\/uploads\/2025\/12\/thumbnail_IMG_8262-500x340.jpg\" class=\"attachment-progression-vehicle size-progression-vehicle wp-post-image\" alt=\"\" decoding=\"async\" \/>\t\t\t\t<\/a>\n\t\t\t<\/div>\n\t\t\t\n\t\t\t\n\t\t<div class=\"vehicle-right-container\">\t\t\t\t\n\t\t\t<h1 class=\"vehicle-title-pro\">\n                <a style=\"border: 0\" href=\"http:\/\/lisbonclassics.com\/fr\/inventory\/volkswagen-brasilia\/\">Volkswagen Brasilia<\/a>\n            <\/h1>\n\t\t\t<p class=\"pcd-pricing\"><span class=\"pcd-price\"><b>Our Price:<\/b> \u20ac18.000 <\/span><br><\/p>\t\t\t<div class=\"clearfix-pro\"><\/div>\n\t\t\t\n\t\t\t\n\t<ul class=\"pro-vehicle-specifications\">\n\t\t\t\t<li>\n\t\t\t<span class=\"spec-label\">Registration date:<\/span>\n\t\t\t<span class=\"spec-value\">1981<\/span>\n\t\t<\/li>\n\t\t\t\t<li>\n\t\t\t<span class=\"spec-label\">Mileage:<\/span>\n\t\t\t<span class=\"spec-value\">29.000<span class=\"unit_append\"> km <\/span><\/span>\n\t\t<\/li>\n\t\t\t\t<li>\n\t\t\t<span class=\"spec-label\">Condition:<\/span>\n\t\t\t<span class=\"spec-value\">Used<\/span>\n\t\t<\/li>\n\t\t\t\t<li>\n\t\t\t<span class=\"spec-label\">Exterior Color:<\/span>\n\t\t\t<span class=\"spec-value\">Verde<\/span>\n\t\t<\/li>\n\t\t\t\t<li>\n\t\t\t<span class=\"spec-label\">Interior Color:<\/span>\n\t\t\t<span class=\"spec-value\">Preto<\/span>\n\t\t<\/li>\n\t\t\t\t<li>\n\t\t\t<span class=\"spec-label\">Transmission:<\/span>\n\t\t\t<span class=\"spec-value\">Manual<\/span>\n\t\t<\/li>\n\t\t\t\t<li>\n\t\t\t<span class=\"spec-label\">Engine:<\/span>\n\t\t\t<span class=\"spec-value\">1.584<span class=\"unit_append\"> L <\/span><\/span>\n\t\t<\/li>\n\t\t\t\t<li>\n\t\t\t<span class=\"spec-label\">Drivetrain:<\/span>\n\t\t\t<span class=\"spec-value\">RWD<\/span>\n\t\t<\/li>\n\t\t\t\t<li>\n\t\t\t<span class=\"spec-label\">Cavalagem:<\/span>\n\t\t\t<span class=\"spec-value\">65<\/span>\n\t\t<\/li>\n\t\t\t<\/ul>\n\n\t\t\t\t\n\t\t\t<a href=\"http:\/\/lisbonclassics.com\/fr\/inventory\/volkswagen-brasilia\/\" class=\"progression-button\">Voir<\/a>\n\t\t\t\n\t\t<\/div><!-- close .vehicle-right-container -->\t\n\t<div class=\"clearfix-pro\"><\/div>\n\t<\/div><!-- close .vehicle-container-pro -->\n<\/article><!-- #post-## -->\t\t\t\t\t\t<\/div><!-- close vehicle columns -->\n\t\t\t\t\t\t<div class=\"clearfix-pro\"><\/div>\t\t\t\t\t<div class=\"clearfix-pro\"><\/div>\n\t<\/div><!-- close .shop-pro-vc -->\n\t\n\t\n\t\t\n\n\t\n\t\t\n\t<div class=\"clearfix-pro\"><\/div>\n\n\t[\/vc_column][\/vc_row][vc_row css=\u00a0\u00bb.vc_custom_1456860245393{padding-top: 20px !important;background-color: #edede4 !important;}\u00a0\u00bb][vc_column][vc_custom_heading text=\u00a0\u00bbPourquoi choisir Lisbon Classics ?\u00a0\u00bb font_container=\u00a0\u00bbtag:h5|font_size:36px|text_align:center|line_height:1&Prime; use_theme_fonts=\u00a0\u00bbyes\u00a0\u00bb][\/vc_column][\/vc_row][vc_row css=\u00a0\u00bb.vc_custom_1456860328128{padding-bottom: 30px !important;background-color: #edede4 !important;}\u00a0\u00bb][vc_column css=\u00a0\u00bb.vc_custom_1456860280472{background-color: #edede4 !important;}\u00a0\u00bb][vc_column_text]Parce que la passion pour les voitures classiques est ce qui me fait avancer. Lisbon Classics pr\u00e9sente une collection des automobiles les plus vari\u00e9es dans l&rsquo;histoire du sport automobile et certains des plus beaux et importants mod\u00e8les de grandes marques europ\u00e9ennes, am\u00e9ricaines et japonaises.<br \/>\nChaque voiture de la collection de Lisbon Classics est un\u00a0hommage \u00e0 une \u00e9poque remarquable de l&rsquo;industrie automobile, s\u00e9lectionn\u00e9e pour son originalit\u00e9, sa pertinence historique, sa beaut\u00e9 et son excellent \u00e9tat.<br \/>\nN&rsquo;h\u00e9sitez pas \u00e0 d\u00e9couvrir mes v\u00e9hicules dans le centre de Lisbonne et entrez dans le monde des voitures classiques, avec quelqu&rsquo;un\u00a0de plus de 30 ans d&rsquo;exp\u00e9rience.[\/vc_column_text][\/vc_column][\/vc_row]<\/p>","protected":false},"excerpt":{"rendered":"<p>Nacional em estado excepcional. Com um \u00fanico propriet\u00e1rio anterior.\u00a0 Apenas 29000 km reais e comprovados. Completamente revista e assistida por especialista. Certificada e homologada por ACP Classicos. Documentos originais presentes. \u00ab\u00a0Apresentadas ao p\u00fablico em Junho de 1973, foram de imediato um enorme sucesso de vendas, ao ponto de serem o segundo autom\u00f3vel mais vendido no [&hellip;]<\/p>\n","protected":false},"author":1,"featured_media":1015,"parent":0,"menu_order":0,"comment_status":"closed","ping_status":"closed","template":"","meta":{"footnotes":""},"_links":{"self":[{"href":"http:\/\/lisbonclassics.com\/fr\/wp-json\/wp\/v2\/pages\/751"}],"collection":[{"href":"http:\/\/lisbonclassics.com\/fr\/wp-json\/wp\/v2\/pages"}],"about":[{"href":"http:\/\/lisbonclassics.com\/fr\/wp-json\/wp\/v2\/types\/page"}],"author":[{"embeddable":true,"href":"http:\/\/lisbonclassics.com\/fr\/wp-json\/wp\/v2\/users\/1"}],"replies":[{"embeddable":true,"href":"http:\/\/lisbonclassics.com\/fr\/wp-json\/wp\/v2\/comments?post=751"}],"version-history":[{"count":46,"href":"http:\/\/lisbonclassics.com\/fr\/wp-json\/wp\/v2\/pages\/751\/revisions"}],"predecessor-version":[{"id":1914,"href":"http:\/\/lisbonclassics.com\/fr\/wp-json\/wp\/v2\/pages\/751\/revisions\/1914"}],"wp:featuredmedia":[{"embeddable":true,"href":"http:\/\/lisbonclassics.com\/fr\/wp-json\/wp\/v2\/media\/1015"}],"wp:attachment":[{"href":"http:\/\/lisbonclassics.com\/fr\/wp-json\/wp\/v2\/media?parent=751"}],"curies":[{"name":"wp","href":"https:\/\/api.w.org\/{rel}","templated":true}]}}